{"id":701,"date":"2021-06-10T02:52:42","date_gmt":"2021-06-10T02:52:42","guid":{"rendered":"http:\/\/creatividadetica.org\/?page_id=701"},"modified":"2024-09-14T04:39:59","modified_gmt":"2024-09-14T04:39:59","slug":"eventos","status":"publish","type":"page","link":"https:\/\/creatividadetica.org\/?page_id=701","title":{"rendered":"Eventos"},"content":{"rendered":"\t\t<div data-elementor-type=\"wp-page\" data-elementor-id=\"701\" class=\"elementor elementor-701\">\n\t\t\t\t\t\t<div class=\"elementor-inner\">\n\t\t\t\t<div class=\"elementor-section-wrap\">\n\t\t\t\t\t\t\t\t\t<section class=\"elementor-section elementor-top-section elementor-element elementor-element-32305ba elementor-section-boxed elementor-section-height-default elementor-section-height-default\" data-id=\"32305ba\" data-element_type=\"section\">\n\t\t\t\t\t\t<div class=\"elementor-container elementor-column-gap-default\">\n\t\t\t\t\t\t\t<div class=\"elementor-row\">\n\t\t\t\t\t<div class=\"elementor-column elementor-col-100 elementor-top-column elementor-element elementor-element-16719d2\" data-id=\"16719d2\" data-element_type=\"column\">\n\t\t\t<div class=\"elementor-column-wrap elementor-element-populated\">\n\t\t\t\t\t\t\t<div class=\"elementor-widget-wrap\">\n\t\t\t\t\t\t<div class=\"elementor-element elementor-element-0f6c0c5 elementor-widget elementor-widget-heading\" data-id=\"0f6c0c5\" data-element_type=\"widget\" data-widget_type=\"heading.default\">\n\t\t\t\t<div class=\"elementor-widget-container\">\n\t\t\t<h2 class=\"elementor-heading-title elementor-size-xl\">Eventos de la Asociaci\u00f3n<\/h2>\t\t<\/div>\n\t\t\t\t<\/div>\n\t\t\t\t<div class=\"elementor-element elementor-element-fd3b79c elementor-widget elementor-widget-text-editor\" data-id=\"fd3b79c\" data-element_type=\"widget\" data-widget_type=\"text-editor.default\">\n\t\t\t\t<div class=\"elementor-widget-container\">\n\t\t\t\t\t\t\t\t<div class=\"elementor-text-editor elementor-clearfix\">\n\t\t\t\t<p>Creatividad Etica ha realizado numeras Conferencias y Foros en eventos propios como los Foro de Dise\u00f1o Indefenso, Concurso Dise\u00f1ando para Emergencias y DGNB. As\u00ed mismo ha participado y apoyado eventos de terceros alineados con nuestros objetivos como Asociaci\u00f3n entre ellos, Green Film Fest, el festival de Cine Ambiental, MICA, Green Drinks C\u00f3rdoba entre otros.<\/p>\t\t\t\t\t<\/div>\n\t\t\t\t\t\t<\/div>\n\t\t\t\t<\/div>\n\t\t\t\t<section class=\"elementor-section elementor-inner-section elementor-element elementor-element-1770fdc elementor-section-full_width elementor-section-height-default elementor-section-height-default\" data-id=\"1770fdc\" data-element_type=\"section\">\n\t\t\t\t\t\t<div class=\"elementor-container elementor-column-gap-extended\">\n\t\t\t\t\t\t\t<div class=\"elementor-row\">\n\t\t\t\t\t<div class=\"elementor-column elementor-col-33 elementor-inner-column elementor-element elementor-element-5b8a736\" data-id=\"5b8a736\" data-element_type=\"column\">\n\t\t\t<div class=\"elementor-column-wrap elementor-element-populated\">\n\t\t\t\t\t\t\t<div class=\"elementor-widget-wrap\">\n\t\t\t\t\t\t<div class=\"elementor-element elementor-element-3afef2c elementor-widget elementor-widget-image\" data-id=\"3afef2c\" data-element_type=\"widget\" data-widget_type=\"image.default\">\n\t\t\t\t<div class=\"elementor-widget-container\">\n\t\t\t\t\t\t\t\t<div class=\"elementor-image\">\n\t\t\t\t\t\t\t\t\t\t\t\t<img width=\"455\" height=\"130\" src=\"https:\/\/creatividadetica.org\/wp-content\/uploads\/2021\/06\/logo_foro_dsn_indef_black.png\" class=\"attachment-large size-large\" alt=\"\" loading=\"lazy\" srcset=\"https:\/\/creatividadetica.org\/wp-content\/uploads\/2021\/06\/logo_foro_dsn_indef_black.png 455w, https:\/\/creatividadetica.org\/wp-content\/uploads\/2021\/06\/logo_foro_dsn_indef_black-300x86.png 300w\" sizes=\"100vw\" \/>\t\t\t\t\t\t\t\t\t\t\t\t\t\t<\/div>\n\t\t\t\t\t\t<\/div>\n\t\t\t\t<\/div>\n\t\t\t\t<div class=\"elementor-element elementor-element-1a487bf elementor-widget elementor-widget-heading\" data-id=\"1a487bf\" data-element_type=\"widget\" data-widget_type=\"heading.default\">\n\t\t\t\t<div class=\"elementor-widget-container\">\n\t\t\t<h2 class=\"elementor-heading-title elementor-size-small\">Foros Creatividad \u00c9tica Dise\u00f1o Indefenso<\/h2>\t\t<\/div>\n\t\t\t\t<\/div>\n\t\t\t\t<div class=\"elementor-element elementor-element-01ba78b elementor-widget elementor-widget-text-editor\" data-id=\"01ba78b\" data-element_type=\"widget\" data-widget_type=\"text-editor.default\">\n\t\t\t\t<div class=\"elementor-widget-container\">\n\t\t\t\t\t\t\t\t<div class=\"elementor-text-editor elementor-clearfix\">\n\t\t\t\t<p class=\"p1\">Espacio abierto de an\u00e1lisis, reflexi\u00f3n y debate. El dise\u00f1ador crea, y la materializaci\u00f3n de ese proceso es objeto de derechos de propiedad intelectual.<br \/>En algunos casos es de aplicaci\u00f3n el derecho de autor, en otros la propiedad industrial, cuyos alcances pretendemos difundir y debatir para que su respeto sea definitivamente incorporado en los procesos de dise\u00f1o.<\/p>\t\t\t\t\t<\/div>\n\t\t\t\t\t\t<\/div>\n\t\t\t\t<\/div>\n\t\t\t\t\t\t<\/div>\n\t\t\t\t\t<\/div>\n\t\t<\/div>\n\t\t\t\t<div class=\"elementor-column elementor-col-33 elementor-inner-column elementor-element elementor-element-630a182\" data-id=\"630a182\" data-element_type=\"column\">\n\t\t\t<div class=\"elementor-column-wrap elementor-element-populated\">\n\t\t\t\t\t\t\t<div class=\"elementor-widget-wrap\">\n\t\t\t\t\t\t<div class=\"elementor-element elementor-element-51660f5 elementor-widget elementor-widget-image\" data-id=\"51660f5\" data-element_type=\"widget\" data-widget_type=\"image.default\">\n\t\t\t\t<div class=\"elementor-widget-container\">\n\t\t\t\t\t\t\t\t<div class=\"elementor-image\">\n\t\t\t\t\t\t\t\t\t\t\t\t<img width=\"455\" height=\"130\" src=\"https:\/\/creatividadetica.org\/wp-content\/uploads\/2021\/06\/logo_foro_dsn_sust_black.png\" class=\"attachment-large size-large\" alt=\"\" loading=\"lazy\" srcset=\"https:\/\/creatividadetica.org\/wp-content\/uploads\/2021\/06\/logo_foro_dsn_sust_black.png 455w, https:\/\/creatividadetica.org\/wp-content\/uploads\/2021\/06\/logo_foro_dsn_sust_black-300x86.png 300w\" sizes=\"100vw\" \/>\t\t\t\t\t\t\t\t\t\t\t\t\t\t<\/div>\n\t\t\t\t\t\t<\/div>\n\t\t\t\t<\/div>\n\t\t\t\t<div class=\"elementor-element elementor-element-0baabde elementor-widget elementor-widget-heading\" data-id=\"0baabde\" data-element_type=\"widget\" data-widget_type=\"heading.default\">\n\t\t\t\t<div class=\"elementor-widget-container\">\n\t\t\t<h2 class=\"elementor-heading-title elementor-size-small\">Foros Creatividad \u00c9tica Dise\u00f1o Sustentable<\/h2>\t\t<\/div>\n\t\t\t\t<\/div>\n\t\t\t\t<div class=\"elementor-element elementor-element-d5c0de6 elementor-widget elementor-widget-text-editor\" data-id=\"d5c0de6\" data-element_type=\"widget\" data-widget_type=\"text-editor.default\">\n\t\t\t\t<div class=\"elementor-widget-container\">\n\t\t\t\t\t\t\t\t<div class=\"elementor-text-editor elementor-clearfix\">\n\t\t\t\t<p class=\"p1\">Espacio abierto de an\u00e1lisis, reflexi\u00f3n y debate. Tiene por finalidad concientizar sobre la importancia del dise\u00f1o como herramienta estrat\u00e9gica, para la toma de decisiones empresariales sensibles a la protecci\u00f3n y mejora de las condiciones de vida de los hombres y su medio ambiente, profundizando conocimientos sobre el valor del dise\u00f1o como v\u00ednculo entre Producci\u00f3n y Medio Ambiente, desde una visi\u00f3n preventiva e integrada en los procesos productivos.<\/p>\t\t\t\t\t<\/div>\n\t\t\t\t\t\t<\/div>\n\t\t\t\t<\/div>\n\t\t\t\t\t\t<\/div>\n\t\t\t\t\t<\/div>\n\t\t<\/div>\n\t\t\t\t<div class=\"elementor-column elementor-col-33 elementor-inner-column elementor-element elementor-element-f351375\" data-id=\"f351375\" data-element_type=\"column\">\n\t\t\t<div class=\"elementor-column-wrap elementor-element-populated\">\n\t\t\t\t\t\t\t<div class=\"elementor-widget-wrap\">\n\t\t\t\t\t\t<div class=\"elementor-element elementor-element-53ed3fe elementor-widget elementor-widget-image\" data-id=\"53ed3fe\" data-element_type=\"widget\" data-widget_type=\"image.default\">\n\t\t\t\t<div class=\"elementor-widget-container\">\n\t\t\t\t\t\t\t\t<div class=\"elementor-image\">\n\t\t\t\t\t\t\t\t\t\t\t\t<img width=\"455\" height=\"130\" src=\"https:\/\/creatividadetica.org\/wp-content\/uploads\/2021\/06\/logo_foro_dsn_indus_black.png\" class=\"attachment-large size-large\" alt=\"\" loading=\"lazy\" srcset=\"https:\/\/creatividadetica.org\/wp-content\/uploads\/2021\/06\/logo_foro_dsn_indus_black.png 455w, https:\/\/creatividadetica.org\/wp-content\/uploads\/2021\/06\/logo_foro_dsn_indus_black-300x86.png 300w\" sizes=\"100vw\" \/>\t\t\t\t\t\t\t\t\t\t\t\t\t\t<\/div>\n\t\t\t\t\t\t<\/div>\n\t\t\t\t<\/div>\n\t\t\t\t<div class=\"elementor-element elementor-element-f61ba65 elementor-widget elementor-widget-heading\" data-id=\"f61ba65\" data-element_type=\"widget\" data-widget_type=\"heading.default\">\n\t\t\t\t<div class=\"elementor-widget-container\">\n\t\t\t<h2 class=\"elementor-heading-title elementor-size-small\">Foros Creatividad \u00c9tica Dise\u00f1o para la Industria<\/h2>\t\t<\/div>\n\t\t\t\t<\/div>\n\t\t\t\t<div class=\"elementor-element elementor-element-6bdf4d3 elementor-widget elementor-widget-text-editor\" data-id=\"6bdf4d3\" data-element_type=\"widget\" data-widget_type=\"text-editor.default\">\n\t\t\t\t<div class=\"elementor-widget-container\">\n\t\t\t\t\t\t\t\t<div class=\"elementor-text-editor elementor-clearfix\">\n\t\t\t\t<p>Espacio abierto de an\u00e1lisis, reflexi\u00f3n y debate. Plantea evaluar nuevas estrategias para la incorporaci\u00f3n de servicios de dise\u00f1o en industria, para el desarrollo de los emprendimientos de dise\u00f1o PyME, como as\u00ed definir adecuadamente el rol que queremos ocupar en el mapa global, nos puede permitir una nueva forma de entendernos como pa\u00eds.<\/p>\t\t\t\t\t<\/div>\n\t\t\t\t\t\t<\/div>\n\t\t\t\t<\/div>\n\t\t\t\t\t\t<\/div>\n\t\t\t\t\t<\/div>\n\t\t<\/div>\n\t\t\t\t\t\t\t\t<\/div>\n\t\t\t\t\t<\/div>\n\t\t<\/section>\n\t\t\t\t<section class=\"elementor-section elementor-inner-section elementor-element elementor-element-846fd67 elementor-section-full_width elementor-section-height-default elementor-section-height-default\" data-id=\"846fd67\" data-element_type=\"section\">\n\t\t\t\t\t\t<div class=\"elementor-container elementor-column-gap-extended\">\n\t\t\t\t\t\t\t<div class=\"elementor-row\">\n\t\t\t\t\t<div class=\"elementor-column elementor-col-33 elementor-inner-column elementor-element elementor-element-2ca5b8e\" data-id=\"2ca5b8e\" data-element_type=\"column\">\n\t\t\t<div class=\"elementor-column-wrap elementor-element-populated\">\n\t\t\t\t\t\t\t<div class=\"elementor-widget-wrap\">\n\t\t\t\t\t\t<div class=\"elementor-element elementor-element-07d3d95 elementor-widget elementor-widget-image\" data-id=\"07d3d95\" data-element_type=\"widget\" data-widget_type=\"image.default\">\n\t\t\t\t<div class=\"elementor-widget-container\">\n\t\t\t\t\t\t\t\t<div class=\"elementor-image\">\n\t\t\t\t\t\t\t\t\t\t\t\t<img width=\"455\" height=\"130\" src=\"https:\/\/creatividadetica.org\/wp-content\/uploads\/2021\/06\/logo_concurso_dsn_emer.png\" class=\"attachment-large size-large\" alt=\"\" loading=\"lazy\" srcset=\"https:\/\/creatividadetica.org\/wp-content\/uploads\/2021\/06\/logo_concurso_dsn_emer.png 455w, https:\/\/creatividadetica.org\/wp-content\/uploads\/2021\/06\/logo_concurso_dsn_emer-300x86.png 300w\" sizes=\"100vw\" \/>\t\t\t\t\t\t\t\t\t\t\t\t\t\t<\/div>\n\t\t\t\t\t\t<\/div>\n\t\t\t\t<\/div>\n\t\t\t\t<div class=\"elementor-element elementor-element-467c3cd elementor-widget elementor-widget-heading\" data-id=\"467c3cd\" data-element_type=\"widget\" data-widget_type=\"heading.default\">\n\t\t\t\t<div class=\"elementor-widget-container\">\n\t\t\t<h2 class=\"elementor-heading-title elementor-size-small\">Concurso Creatividad \u00c9tica Dise\u00f1ando para Emergencias<\/h2>\t\t<\/div>\n\t\t\t\t<\/div>\n\t\t\t\t<div class=\"elementor-element elementor-element-df9a793 elementor-widget elementor-widget-text-editor\" data-id=\"df9a793\" data-element_type=\"widget\" data-widget_type=\"text-editor.default\">\n\t\t\t\t<div class=\"elementor-widget-container\">\n\t\t\t\t\t\t\t\t<div class=\"elementor-text-editor elementor-clearfix\">\n\t\t\t\t<p class=\"p1\">Tiene como finalidad principal concientizar a la sociedad en general sobre el valor del dise\u00f1o como herramienta para la atenci\u00f3n de las necesidades humanas, sensiblemente acentuadas en la emergencia social y de cat\u00e1strofes, reflexionando sobre la capacidad que posee el Dise\u00f1o para prevenir, disminuir o erradicar las consecuencias negativas de las situaciones de emergencia sobre las personas damnificadas, o bien mejorar sus condiciones de atenci\u00f3n y asistencia.<\/p>\t\t\t\t\t<\/div>\n\t\t\t\t\t\t<\/div>\n\t\t\t\t<\/div>\n\t\t\t\t\t\t<\/div>\n\t\t\t\t\t<\/div>\n\t\t<\/div>\n\t\t\t\t<div class=\"elementor-column elementor-col-33 elementor-inner-column elementor-element elementor-element-984e3a0\" data-id=\"984e3a0\" data-element_type=\"column\">\n\t\t\t<div class=\"elementor-column-wrap elementor-element-populated\">\n\t\t\t\t\t\t\t<div class=\"elementor-widget-wrap\">\n\t\t\t\t\t\t<div class=\"elementor-element elementor-element-528e142 elementor-widget elementor-widget-image\" data-id=\"528e142\" data-element_type=\"widget\" data-widget_type=\"image.default\">\n\t\t\t\t<div class=\"elementor-widget-container\">\n\t\t\t\t\t\t\t\t<div class=\"elementor-image\">\n\t\t\t\t\t\t\t\t\t\t\t\t<img width=\"455\" height=\"130\" src=\"https:\/\/creatividadetica.org\/wp-content\/uploads\/2021\/06\/logo_enc_ppublic.png\" class=\"attachment-large size-large\" alt=\"\" loading=\"lazy\" srcset=\"https:\/\/creatividadetica.org\/wp-content\/uploads\/2021\/06\/logo_enc_ppublic.png 455w, https:\/\/creatividadetica.org\/wp-content\/uploads\/2021\/06\/logo_enc_ppublic-300x86.png 300w\" sizes=\"100vw\" \/>\t\t\t\t\t\t\t\t\t\t\t\t\t\t<\/div>\n\t\t\t\t\t\t<\/div>\n\t\t\t\t<\/div>\n\t\t\t\t<div class=\"elementor-element elementor-element-76be197 elementor-widget elementor-widget-heading\" data-id=\"76be197\" data-element_type=\"widget\" data-widget_type=\"heading.default\">\n\t\t\t\t<div class=\"elementor-widget-container\">\n\t\t\t<h2 class=\"elementor-heading-title elementor-size-small\">Encuentro Internacional de Pol\u00edticas P\u00fablicas & Dise\u00f1o<\/h2>\t\t<\/div>\n\t\t\t\t<\/div>\n\t\t\t\t<div class=\"elementor-element elementor-element-9b5eef7 elementor-widget elementor-widget-text-editor\" data-id=\"9b5eef7\" data-element_type=\"widget\" data-widget_type=\"text-editor.default\">\n\t\t\t\t<div class=\"elementor-widget-container\">\n\t\t\t\t\t\t\t\t<div class=\"elementor-text-editor elementor-clearfix\">\n\t\t\t\t<p class=\"p1\">Surge de la necesidad apremiante de desarrollar y fortalecer en el \u00e1mbito latinoamericano la participaci\u00f3n del dise\u00f1o en los escenarios de decisi\u00f3n pol\u00edtica. Procuran generar un espacio con la participaci\u00f3n de gestores y expertos de diferentes pa\u00edses de la regi\u00f3n.<br \/>El 1er. encuentro en el 2010 tuvo lugar en Buenos Aires, Argentina, el 2do. encuentro se realiz\u00f3 en el 2012, en la Ciudad de Bogot\u00e1, Colombia y el 3er. encuentro se llevar\u00e1 a cabo en la Ciudad de Jalisco, M\u00e9xico.<\/p>\t\t\t\t\t<\/div>\n\t\t\t\t\t\t<\/div>\n\t\t\t\t<\/div>\n\t\t\t\t\t\t<\/div>\n\t\t\t\t\t<\/div>\n\t\t<\/div>\n\t\t\t\t<div class=\"elementor-column elementor-col-33 elementor-inner-column elementor-element elementor-element-62d10b1\" data-id=\"62d10b1\" data-element_type=\"column\">\n\t\t\t<div class=\"elementor-column-wrap elementor-element-populated\">\n\t\t\t\t\t\t\t<div class=\"elementor-widget-wrap\">\n\t\t\t\t\t\t<div class=\"elementor-element elementor-element-1ca7adc elementor-widget elementor-widget-image\" data-id=\"1ca7adc\" data-element_type=\"widget\" data-widget_type=\"image.default\">\n\t\t\t\t<div class=\"elementor-widget-container\">\n\t\t\t\t\t\t\t\t<div class=\"elementor-image\">\n\t\t\t\t\t\t\t\t\t\t\t\t<img width=\"455\" height=\"130\" src=\"https:\/\/creatividadetica.org\/wp-content\/uploads\/2021\/06\/logo_conf_dgnb.png\" class=\"attachment-large size-large\" alt=\"\" loading=\"lazy\" srcset=\"https:\/\/creatividadetica.org\/wp-content\/uploads\/2021\/06\/logo_conf_dgnb.png 455w, https:\/\/creatividadetica.org\/wp-content\/uploads\/2021\/06\/logo_conf_dgnb-300x86.png 300w\" sizes=\"100vw\" \/>\t\t\t\t\t\t\t\t\t\t\t\t\t\t<\/div>\n\t\t\t\t\t\t<\/div>\n\t\t\t\t<\/div>\n\t\t\t\t<div class=\"elementor-element elementor-element-019568f elementor-widget elementor-widget-heading\" data-id=\"019568f\" data-element_type=\"widget\" data-widget_type=\"heading.default\">\n\t\t\t\t<div class=\"elementor-widget-container\">\n\t\t\t<h2 class=\"elementor-heading-title elementor-size-small\">Creatividad \u00c9tica partner local de DGNB en Argentina<\/h2>\t\t<\/div>\n\t\t\t\t<\/div>\n\t\t\t\t<div class=\"elementor-element elementor-element-e76609f elementor-widget elementor-widget-text-editor\" data-id=\"e76609f\" data-element_type=\"widget\" data-widget_type=\"text-editor.default\">\n\t\t\t\t<div class=\"elementor-widget-container\">\n\t\t\t\t\t\t\t\t<div class=\"elementor-text-editor elementor-clearfix\">\n\t\t\t\t<p>Conferencia: \u201cSistema Alem\u00e1n de Certificaci\u00f3n de Arquitectura Sustentable\u201d -Una visi\u00f3n Hol\u00edstica de Sustentabilidad y la Adaptaci\u00f3n al Territorio-. La Misma brindar\u00e1 los aspectos claves del sistema construcci\u00f3n sostenible: aspectos ambientales, econ\u00f3micos, socioculturales y funcionales, tecnol\u00f3gicos, de procesos y del emplazamiento. Mostrando entre otros que la calidad sostenible de un proyecto se eval\u00faa de forma integral considerando el impacto global a lo largo del ciclo de vida del edificio.<\/p>\t\t\t\t\t<\/div>\n\t\t\t\t\t\t<\/div>\n\t\t\t\t<\/div>\n\t\t\t\t\t\t<\/div>\n\t\t\t\t\t<\/div>\n\t\t<\/div>\n\t\t\t\t\t\t\t\t<\/div>\n\t\t\t\t\t<\/div>\n\t\t<\/section>\n\t\t\t\t\t\t<\/div>\n\t\t\t\t\t<\/div>\n\t\t<\/div>\n\t\t\t\t\t\t\t\t<\/div>\n\t\t\t\t\t<\/div>\n\t\t<\/section>\n\t\t\t\t\t\t\t\t\t<\/div>\n\t\t\t<\/div>\n\t\t\t\t\t<\/div>\n\t\t","protected":false},"excerpt":{"rendered":"<p>Eventos de la Asociaci\u00f3n Creatividad Etica ha realizado numeras Conferencias y Foros en eventos propios como los Foro de Dise\u00f1o Indefenso, Concurso Dise\u00f1ando para Emergencias y DGNB. As\u00ed mismo ha participado y apoyado eventos de terceros alineados con nuestros objetivos como Asociaci\u00f3n entre ellos, Green Film Fest, el festival de Cine Ambiental, MICA, Green Drinks &hellip; <\/p>\n<p class=\"link-more\"><a href=\"https:\/\/creatividadetica.org\/?page_id=701\" class=\"more-link\">Continue reading<span class=\"screen-reader-text\"> &#8220;Eventos&#8221;<\/span><\/a><\/p>\n","protected":false},"author":2,"featured_media":0,"parent":0,"menu_order":0,"comment_status":"closed","ping_status":"closed","template":"","meta":{"pgc_meta":"","spay_email":""},"pgc_meta":"","_links":{"self":[{"href":"https:\/\/creatividadetica.org\/index.php?rest_route=\/wp\/v2\/pages\/701"}],"collection":[{"href":"https:\/\/creatividadetica.org\/index.php?rest_route=\/wp\/v2\/pages"}],"about":[{"href":"https:\/\/creatividadetica.org\/index.php?rest_route=\/wp\/v2\/types\/page"}],"author":[{"embeddable":true,"href":"https:\/\/creatividadetica.org\/index.php?rest_route=\/wp\/v2\/users\/2"}],"replies":[{"embeddable":true,"href":"https:\/\/creatividadetica.org\/index.php?rest_route=%2Fwp%2Fv2%2Fcomments&post=701"}],"version-history":[{"count":71,"href":"https:\/\/creatividadetica.org\/index.php?rest_route=\/wp\/v2\/pages\/701\/revisions"}],"predecessor-version":[{"id":1708,"href":"https:\/\/creatividadetica.org\/index.php?rest_route=\/wp\/v2\/pages\/701\/revisions\/1708"}],"wp:attachment":[{"href":"https:\/\/creatividadetica.org\/index.php?rest_route=%2Fwp%2Fv2%2Fmedia&parent=701"}],"curies":[{"name":"wp","href":"https:\/\/api.w.org\/{rel}","templated":true}]}}